{"id":1715,"date":"2025-06-10T10:19:30","date_gmt":"2025-06-10T08:19:30","guid":{"rendered":"https:\/\/raport-pekao.pl\/?post_type=table&#038;p=1715"},"modified":"2025-07-07T12:23:57","modified_gmt":"2025-07-07T10:23:57","slug":"sklad-rady-nadzorczej-banku-pekao-s-a-przedstawia-sie-nastepujaco","status":"publish","type":"table","link":"https:\/\/raport-pekao.pl\/en\/table\/sklad-rady-nadzorczej-banku-pekao-s-a-przedstawia-sie-nastepujaco\/","title":{"rendered":"Sk\u0142ad Rady Nadzorczej Banku Pekao S.A. przedstawia si\u0119 nast\u0119puj\u0105co:"},"content":{"rendered":"<table class=\"tableizer-table\" style=\"width: 100%;\">\n<thead>\n<tr class=\"tableizer-firstrow table-row-head\">\n<th style=\"width: 203px; text-align: left;\"><strong>AS AT THE DATE OF SUBMITTING <\/strong><strong style=\"font-family: inherit; font-size: inherit;\">THE REPORT FOR 2024<\/strong><\/th>\n<th style=\"width: 203px; text-align: left;\"><strong>31 DECEMBER, 2024<\/strong><\/th>\n<td style=\"width: 202px;\" width=\"189\"><strong>AS AT THE DATE OF SUBMITTING THE REPORT FOR THE THIRS QUARTER OF 2024<\/strong><\/td>\n<\/tr>\n<\/thead>\n<tbody>\n<tr>\n<td style=\"width: 203px;\" width=\"189\"><strong>Artur Olech<br \/>\n<\/strong>Chairman of the Supervisory Board<\/td>\n<td style=\"width: 203px;\" width=\"189\"><strong>Artur Olech<br \/>\n<\/strong>Chairman of the Supervisory Board<\/td>\n<td style=\"width: 202px;\" width=\"189\"><strong>Artur Olech<\/strong><br \/>\nChairman of the Supervisory Board<\/td>\n<\/tr>\n<tr>\n<td style=\"width: 203px;\" width=\"189\"><strong>Bartosz Grze\u015bkowiak<\/strong><br \/>\nDeputy Chairman of the Supervisory Board<\/td>\n<td style=\"width: 203px;\" width=\"189\"><strong>Bartosz Grze\u015bkowiak<\/strong><br \/>\nDeputy Chairman of the Supervisory Board<\/td>\n<td style=\"width: 202px;\" width=\"189\"><strong>Bartosz Grze\u015bkowiak<\/strong><br \/>\nDeputy Chairman of the Supervisory Board<\/td>\n<\/tr>\n<tr>\n<td style=\"width: 203px;\" width=\"189\"><strong>Artur Nowak-Far<\/strong><br \/>\nDeputy Chairman of the Supervisory Board<\/td>\n<td style=\"width: 203px;\" width=\"189\"><strong>Artur Nowak-Far<\/strong><br \/>\nDeputy Chairman of the Supervisory Board<\/td>\n<td style=\"width: 202px;\" width=\"189\"><strong>Artur Nowak-Far<\/strong><br \/>\nDeputy Chairman of the Supervisory Board<\/td>\n<\/tr>\n<tr>\n<td style=\"width: 203px;\" width=\"189\"><strong>Krzysztof Czeszejko-Sochacki<\/strong><br \/>\nMember of the Supervisory Board<\/td>\n<td style=\"width: 203px;\" width=\"189\"><strong>Krzysztof Czeszejko-Sochacki<\/strong><br \/>\nMember of the Supervisory Board<\/td>\n<td style=\"width: 202px;\" width=\"189\"><strong>Anna Wawrzy\u0144czak-Palynyczak\u00a0<\/strong><br \/>\nSecretary of the Supervisory Board<\/td>\n<\/tr>\n<tr>\n<td style=\"width: 203px;\" width=\"189\"><strong>Magdalena Joanna Dziewgu\u0107<\/strong><br \/>\nMember of the Supervisory Board<\/td>\n<td style=\"width: 203px;\" width=\"189\"><strong>Magdalena Joanna Dziewgu\u0107<\/strong><br \/>\nMember of the Supervisory Board<\/td>\n<td style=\"width: 202px;\" width=\"189\"><strong>Krzysztof Czeszejko-Sochacki<\/strong><br \/>\nMember of the Supervisory Board<\/td>\n<\/tr>\n<tr>\n<td style=\"width: 203px;\" width=\"189\"><strong>Rados\u0142aw Niedzielski<\/strong><br \/>\nMember of the Supervisory Board<\/td>\n<td style=\"width: 203px;\" width=\"189\"><strong>Rados\u0142aw Niedzielski<\/strong><br \/>\nMember of the Supervisory Board<\/td>\n<td style=\"width: 202px;\" width=\"189\"><strong>Rados\u0142aw Niedzielski<\/strong><br \/>\nMember of the Supervisory Board<\/td>\n<\/tr>\n<tr>\n<td style=\"width: 203px;\" width=\"189\"><strong>Jacek Nie\u015bcior<\/strong><br \/>\nMember of the Supervisory Board<\/td>\n<td style=\"width: 203px;\" width=\"189\"><strong>Jacek Nie\u015bcior<\/strong><br \/>\nMember of the Supervisory Board<\/td>\n<td style=\"width: 202px;\" width=\"189\"><strong>Jacek Nie\u015bcior<\/strong><br \/>\nMember of the Supervisory Board<\/td>\n<\/tr>\n<tr>\n<td style=\"width: 203px;\" width=\"189\"><strong>Witold Walkowiak<\/strong><br \/>\nMember of the Supervisory Board<\/td>\n<td style=\"width: 203px;\" width=\"189\"><strong>Witold Walkowiak<\/strong><br \/>\nMember of the Supervisory Board<\/td>\n<td style=\"width: 202px;\" width=\"189\"><strong>Witold Walkowiak<\/strong><br \/>\nMember of the Supervisory Board<\/td>\n<\/tr>\n<\/tbody>\n<\/table>\n","protected":false},"featured_media":0,"template":"","class_list":["post-1715","table","type-table","status-publish","hentry"],"acf":[],"yoast_head":"<!-- This site is optimized with the Yoast SEO plugin v25.3.1 - https:\/\/yoast.com\/wordpress\/plugins\/seo\/ -->\n<title>Sk\u0142ad Rady Nadzorczej Banku Pekao S.A. przedstawia si\u0119 nast\u0119puj\u0105co: - en<\/title>\n<meta name=\"robots\" content=\"noindex, follow, max-snippet:-1, max-image-preview:large, max-video-preview:-1\" \/>\n<meta property=\"og:locale\" content=\"pl_PL\" \/>\n<meta property=\"og:type\" content=\"article\" \/>\n<meta property=\"og:title\" content=\"Sk\u0142ad Rady Nadzorczej Banku Pekao S.A. przedstawia si\u0119 nast\u0119puj\u0105co: - en\" \/>\n<meta property=\"og:description\" content=\"AS AT THE DATE OF SUBMITTING THE REPORT FOR 2024 31 DECEMBER, 2024 AS AT THE DATE OF SUBMITTING THE REPORT FOR THE THIRS QUARTER OF 2024 Artur Olech Chairman of the Supervisory Board Artur Olech Chairman of the Supervisory Board Artur Olech Chairman of the Supervisory Board Bartosz Grze\u015bkowiak Deputy Chairman of the Supervisory [&hellip;]\" \/>\n<meta property=\"og:url\" content=\"https:\/\/raport-pekao.pl\/en\/table\/sklad-rady-nadzorczej-banku-pekao-s-a-przedstawia-sie-nastepujaco\/\" \/>\n<meta property=\"og:site_name\" content=\"en\" \/>\n<meta property=\"article:modified_time\" content=\"2025-07-07T10:23:57+00:00\" \/>\n<meta name=\"twitter:card\" content=\"summary_large_image\" \/>\n<meta name=\"twitter:label1\" content=\"Szacowany czas czytania\" \/>\n\t<meta name=\"twitter:data1\" content=\"2 minuty\" \/>\n<script type=\"application\/ld+json\" class=\"yoast-schema-graph\">{\"@context\":\"https:\/\/schema.org\",\"@graph\":[{\"@type\":\"WebPage\",\"@id\":\"https:\/\/raport-pekao.pl\/en\/table\/sklad-rady-nadzorczej-banku-pekao-s-a-przedstawia-sie-nastepujaco\/\",\"url\":\"https:\/\/raport-pekao.pl\/en\/table\/sklad-rady-nadzorczej-banku-pekao-s-a-przedstawia-sie-nastepujaco\/\",\"name\":\"Sk\u0142ad Rady Nadzorczej Banku Pekao S.A. przedstawia si\u0119 nast\u0119puj\u0105co: - en\",\"isPartOf\":{\"@id\":\"https:\/\/raport-pekao.pl\/en\/#website\"},\"datePublished\":\"2025-06-10T08:19:30+00:00\",\"dateModified\":\"2025-07-07T10:23:57+00:00\",\"breadcrumb\":{\"@id\":\"https:\/\/raport-pekao.pl\/en\/table\/sklad-rady-nadzorczej-banku-pekao-s-a-przedstawia-sie-nastepujaco\/#breadcrumb\"},\"inLanguage\":\"pl-PL\",\"potentialAction\":[{\"@type\":\"ReadAction\",\"target\":[\"https:\/\/raport-pekao.pl\/en\/table\/sklad-rady-nadzorczej-banku-pekao-s-a-przedstawia-sie-nastepujaco\/\"]}]},{\"@type\":\"BreadcrumbList\",\"@id\":\"https:\/\/raport-pekao.pl\/en\/table\/sklad-rady-nadzorczej-banku-pekao-s-a-przedstawia-sie-nastepujaco\/#breadcrumb\",\"itemListElement\":[{\"@type\":\"ListItem\",\"position\":1,\"name\":\"Home\",\"item\":\"https:\/\/raport-pekao.pl\/en\/\"},{\"@type\":\"ListItem\",\"position\":2,\"name\":\"Sk\u0142ad Rady Nadzorczej Banku Pekao S.A. przedstawia si\u0119 nast\u0119puj\u0105co:\"}]},{\"@type\":\"WebSite\",\"@id\":\"https:\/\/raport-pekao.pl\/en\/#website\",\"url\":\"https:\/\/raport-pekao.pl\/en\/\",\"name\":\"en\",\"description\":\"\",\"potentialAction\":[{\"@type\":\"SearchAction\",\"target\":{\"@type\":\"EntryPoint\",\"urlTemplate\":\"https:\/\/raport-pekao.pl\/en\/?s={search_term_string}\"},\"query-input\":{\"@type\":\"PropertyValueSpecification\",\"valueRequired\":true,\"valueName\":\"search_term_string\"}}],\"inLanguage\":\"pl-PL\"}]}<\/script>\n<!-- \/ Yoast SEO plugin. -->","yoast_head_json":{"title":"Sk\u0142ad Rady Nadzorczej Banku Pekao S.A. przedstawia si\u0119 nast\u0119puj\u0105co: - en","robots":{"index":"noindex","follow":"follow","max-snippet":"max-snippet:-1","max-image-preview":"max-image-preview:large","max-video-preview":"max-video-preview:-1"},"og_locale":"pl_PL","og_type":"article","og_title":"Sk\u0142ad Rady Nadzorczej Banku Pekao S.A. przedstawia si\u0119 nast\u0119puj\u0105co: - en","og_description":"AS AT THE DATE OF SUBMITTING THE REPORT FOR 2024 31 DECEMBER, 2024 AS AT THE DATE OF SUBMITTING THE REPORT FOR THE THIRS QUARTER OF 2024 Artur Olech Chairman of the Supervisory Board Artur Olech Chairman of the Supervisory Board Artur Olech Chairman of the Supervisory Board Bartosz Grze\u015bkowiak Deputy Chairman of the Supervisory [&hellip;]","og_url":"https:\/\/raport-pekao.pl\/en\/table\/sklad-rady-nadzorczej-banku-pekao-s-a-przedstawia-sie-nastepujaco\/","og_site_name":"en","article_modified_time":"2025-07-07T10:23:57+00:00","twitter_card":"summary_large_image","twitter_misc":{"Szacowany czas czytania":"2 minuty"},"schema":{"@context":"https:\/\/schema.org","@graph":[{"@type":"WebPage","@id":"https:\/\/raport-pekao.pl\/en\/table\/sklad-rady-nadzorczej-banku-pekao-s-a-przedstawia-sie-nastepujaco\/","url":"https:\/\/raport-pekao.pl\/en\/table\/sklad-rady-nadzorczej-banku-pekao-s-a-przedstawia-sie-nastepujaco\/","name":"Sk\u0142ad Rady Nadzorczej Banku Pekao S.A. przedstawia si\u0119 nast\u0119puj\u0105co: - en","isPartOf":{"@id":"https:\/\/raport-pekao.pl\/en\/#website"},"datePublished":"2025-06-10T08:19:30+00:00","dateModified":"2025-07-07T10:23:57+00:00","breadcrumb":{"@id":"https:\/\/raport-pekao.pl\/en\/table\/sklad-rady-nadzorczej-banku-pekao-s-a-przedstawia-sie-nastepujaco\/#breadcrumb"},"inLanguage":"pl-PL","potentialAction":[{"@type":"ReadAction","target":["https:\/\/raport-pekao.pl\/en\/table\/sklad-rady-nadzorczej-banku-pekao-s-a-przedstawia-sie-nastepujaco\/"]}]},{"@type":"BreadcrumbList","@id":"https:\/\/raport-pekao.pl\/en\/table\/sklad-rady-nadzorczej-banku-pekao-s-a-przedstawia-sie-nastepujaco\/#breadcrumb","itemListElement":[{"@type":"ListItem","position":1,"name":"Home","item":"https:\/\/raport-pekao.pl\/en\/"},{"@type":"ListItem","position":2,"name":"Sk\u0142ad Rady Nadzorczej Banku Pekao S.A. przedstawia si\u0119 nast\u0119puj\u0105co:"}]},{"@type":"WebSite","@id":"https:\/\/raport-pekao.pl\/en\/#website","url":"https:\/\/raport-pekao.pl\/en\/","name":"en","description":"","potentialAction":[{"@type":"SearchAction","target":{"@type":"EntryPoint","urlTemplate":"https:\/\/raport-pekao.pl\/en\/?s={search_term_string}"},"query-input":{"@type":"PropertyValueSpecification","valueRequired":true,"valueName":"search_term_string"}}],"inLanguage":"pl-PL"}]}},"_links":{"self":[{"href":"https:\/\/raport-pekao.pl\/en\/wp-json\/wp\/v2\/table\/1715","targetHints":{"allow":["GET"]}}],"collection":[{"href":"https:\/\/raport-pekao.pl\/en\/wp-json\/wp\/v2\/table"}],"about":[{"href":"https:\/\/raport-pekao.pl\/en\/wp-json\/wp\/v2\/types\/table"}],"wp:attachment":[{"href":"https:\/\/raport-pekao.pl\/en\/wp-json\/wp\/v2\/media?parent=1715"}],"curies":[{"name":"wp","href":"https:\/\/api.w.org\/{rel}","templated":true}]}}